{"id":125,"date":"2021-10-01T14:08:39","date_gmt":"2021-10-01T12:08:39","guid":{"rendered":"https:\/\/zagorz.przemyska.pl\/?page_id=125"},"modified":"2022-01-17T20:39:27","modified_gmt":"2022-01-17T19:39:27","slug":"droga-krzyzowa-nowego-zycia","status":"publish","type":"page","link":"https:\/\/zagorz.przemyska.pl\/index.php\/parafia\/droga-krzyzowa-nowego-zycia\/","title":{"rendered":"DROGA KRZY\u017bOWA NOWEGO \u017bYCIA"},"content":{"rendered":"<p style=\"text-align: justify;\">Od 24 sierpnia 2012 roku, gdy mia\u0142o miejsce oficjalne otwarcie zag\u00f3rskiej Drogi Krzy\u017cowej, tras\u0119 od ko\u015bcio\u0142a parafialnego na wzg\u00f3rze klasztorne wyznaczaj\u0105 stacje Drogi Krzy\u017cowej, b\u0119d\u0105ce jednocze\u015bnie prawdziw\u0105 galeri\u0105 Rze\u017aby Bieszczadzkiej. Jest to jedyna w&nbsp;Polsce tego typu realizacja kalwaryjskiej drogi. Ka\u017cd\u0105 stacj\u0119 wykona\u0142 bowiem inny artysta, zwi\u0105zany z&nbsp;Zag\u00f3rzem lub naszym regionem. W&nbsp;porz\u0105dku kolejnych stacji s\u0105 to:<br \/>\nZdzis\u0142aw P\u0119kalski z&nbsp;Hoczwi<br \/>\nBogus\u0142aw Iwanowski z&nbsp;Tyrawy Wo\u0142oskiej<br \/>\nFranciszek Miko\u0142ajczyk z&nbsp;Zag\u00f3rza<br \/>\nJacek Kucaba (rodem zag\u00f3rzanin, obecnie mieszkaj\u0105cy w&nbsp;Tarnowie, profesor krakowskiej ASP)<br \/>\nAntoni \u0141uczka z&nbsp;Zag\u00f3rza<br \/>\nPiotr Woroniec z&nbsp;Woli S\u0119kowej<br \/>\nAdam Glinczewski z&nbsp;Czarnej<br \/>\nJan Mogilany z&nbsp;Zag\u00f3rza<br \/>\nRobert Onacko z&nbsp;Zag\u00f3rza<br \/>\nMariusz Mogilany z&nbsp;Zag\u00f3rza<br \/>\nTomasz Wermi\u0144ski z&nbsp;Baligrodu<br \/>\nRyszard Iwancz z&nbsp;Baligrodu<br \/>\nSebastian Trafalski z&nbsp;Leska<br \/>\nWaldemar Kordyaczny z&nbsp;Leska<img loading=\"lazy\" decoding=\"async\" class=\"size-medium wp-image-128 alignleft\" src=\"https:\/\/zagorz.przemyska.pl\/wp-content\/uploads\/2021\/10\/dk10-200x300.jpg\" alt=\"\" width=\"200\" height=\"300\" srcset=\"https:\/\/zagorz.przemyska.pl\/wp-content\/uploads\/2021\/10\/dk10-200x300.jpg 200w, https:\/\/zagorz.przemyska.pl\/wp-content\/uploads\/2021\/10\/dk10.jpg 300w\" sizes=\"(max-width: 200px) 100vw, 200px\" \/><br \/>\nS\u0105 to prace w drewnie, kamieniu i metalu, dzie\u0142a \u0142\u0105cz\u0105ce r\u00f3\u017cne techniki, bardziej i mniej symboliczne. Ta niezwyk\u0142a galeria rze\u017aby, b\u0119d\u0105ca jednocze\u015bnie szlakiem modlitwy i refleksji, powsta\u0142a jako przedsi\u0119wzi\u0119cie wsp\u00f3\u0142finansowane przez Bieszczadzkie Forum Europejskie oraz w\u0142adze Miasta i Gminy Zag\u00f3rz. Inicjatorem powstania na tej trasie Drogi Krzy\u017cowej by\u0142 ks. J\u00f3zef Kasiak, proboszcz parafii pw.<img loading=\"lazy\" decoding=\"async\" class=\"size-medium wp-image-127 alignright\" src=\"https:\/\/zagorz.przemyska.pl\/wp-content\/uploads\/2021\/10\/dk9-200x300.jpg\" alt=\"\" width=\"200\" height=\"300\" srcset=\"https:\/\/zagorz.przemyska.pl\/wp-content\/uploads\/2021\/10\/dk9-200x300.jpg 200w, https:\/\/zagorz.przemyska.pl\/wp-content\/uploads\/2021\/10\/dk9.jpg 300w\" sizes=\"(max-width: 200px) 100vw, 200px\" \/><\/p>\n<p style=\"text-align: justify;\">Wniebowzi\u0119cia NMP w Zag\u00f3rzu, a ide\u0119 podj\u0119\u0142a autorka aktualnej koncepcji &#8211; pani Ewa Bal-Baranowska, dyrektor Biblioteki w Lesku. Dzi\u0119ki wsparciu pana Adama Basaka, prezesa BFE, uda\u0142o si\u0119 zrealizowa\u0107 to unikatowe przedsi\u0119wzi\u0119cie.<\/p>\n<p>&nbsp;<\/p>\n<p>&nbsp;<\/p>\n<p style=\"text-align: justify;\">Zapraszamy zatem na w\u0119dr\u00f3wk\u0119 zag\u00f3rsk\u0105 Drog\u0105 Krzy\u017cow\u0105, w\u015br\u00f3d p\u00f3l, w zadumie i ciszy, do kt\u00f3rej zach\u0119ca stoj\u0105cy u wej\u015bcie na tras\u0119 anio\u0142, dzie\u0142o Jana Mogilanego, w harmonii sztuki i modlitwy, sacrum i codzienno\u015bci. Warto doda\u0107, \u017ce Zag\u00f3rska Droga Krzy\u017cowa stanowi jednocze\u015bnie fragment Szlaku Papieskiego.<\/p>\n<p><img loading=\"lazy\" decoding=\"async\" class=\"size-medium wp-image-126 aligncenter\" src=\"https:\/\/zagorz.przemyska.pl\/wp-content\/uploads\/2021\/10\/dk3-200x300.jpg\" alt=\"\" width=\"200\" height=\"300\" srcset=\"https:\/\/zagorz.przemyska.pl\/wp-content\/uploads\/2021\/10\/dk3-200x300.jpg 200w, https:\/\/zagorz.przemyska.pl\/wp-content\/uploads\/2021\/10\/dk3.jpg 300w\" sizes=\"(max-width: 200px) 100vw, 200px\" \/><\/p>\n<h2 style=\"text-align: justify;\">Otwarcie Drogi Krzy\u017cowej Nowego \u017bycia w&nbsp;Zag\u00f3rzu<\/h2>\n<p style=\"text-align: justify;\">24 sierpnia 2012 roku, w&nbsp;upalne przedpo\u0142udnie, odby\u0142a si\u0119 w&nbsp;Zag\u00f3rzu niezwyk\u0142a uroczysto\u015b\u0107. Podczas wernisa\u017cu oficjalnie otwarta zosta\u0142a Droga Krzy\u017cowa Nowego \u017bycia, kt\u00f3rej stacje wyznaczaj\u0105 tras\u0119 w\u015br\u00f3d p\u00f3l wiod\u0105c\u0105 do ruin klasztoru Karmelit\u00f3w.<br \/>\nSpotkanie rozpocz\u0119\u0142a mini sesja popularnonaukowa &#8222;Cuda Zag\u00f3rza&#8221;, podczas kt\u00f3rej przedstawiono referaty po\u015bwi\u0119cone dziejom miejscowo\u015bci, sanktuarium i czczonego w nim obrazu Matki Bo\u017cej Zag\u00f3rskiej oraz klasztoru. Miejsce na m\u00f3wnicy w ko\u015bciele parafialnym zajmowali kolejno &#8211; pan Jerzy Tarnawski, Joanna Ku\u0142akowska-Lis i Maria Zieli\u0144ska &#8211; pracownik Muzeum Historycznego w Sanoku, kt\u00f3ra zaprezentowa\u0142a bardzo ciekaw\u0105, wzbogacon\u0105 materia\u0142em ilustracyjnym prelekcj\u0119 o historii klasztoru Karmelit\u00f3w, a przede wszystkim o dokonanych na tym terenie odkryciach archeologicznych. \u015awi\u0105tynia stopniowo zape\u0142nia\u0142a si\u0119 zaproszonymi go\u015b\u0107mi, w\u015br\u00f3d kt\u00f3rych znale\u017ali si\u0119 m.in. ks. biskup Adam Szal, przedstawiciele w\u0142adz samorz\u0105dowych, zar\u00f3wno lokalnych, jak i powiatowych, duchowni, reprezentanci instytucji kultury, a tak\u017ce, a mo\u017ce przede wszystkim mieszka\u0144cy Zag\u00f3rza i okolic.<br \/>\nPo wys\u0142uchaniu prelekcji, pod przewodnictwem ks.&nbsp;Proboszcza wszyscy udali si\u0119 w&nbsp;stron\u0119 pierwszej stacji, gdzie nast\u0105pi\u0142a oficjalna cz\u0119\u015b\u0107 spotkania.<br \/>\nG\u0142os zabrali kolejni tw\u00f3rcy, opowiadaj\u0105c o&nbsp;&#8222;swoich&#8221; stacjach, o&nbsp;szczeg\u00f3lnej dedykacji, po\u015bwi\u0119ceniu rze\u017aby konkretnej osobie. Pani Ewa Baranowska, a&nbsp;za ni\u0105 tak\u017ce ks.&nbsp;J\u00f3zef Kasiak i&nbsp;Burmistrz Miasta i&nbsp;Gminy Zag\u00f3rz pan Ernest Nowak dzi\u0119kowali wszystkim, kt\u00f3rzy wzi\u0119li udzia\u0142 w&nbsp;tworzeniu Drogi Krzy\u017cowej lub wsparli t\u0119 inicjatyw\u0119.<br \/>\nKsi\u0105dz biskup Adam Szal w&nbsp;kilku s\u0142owach odni\u00f3s\u0142 si\u0119 do idei p\u0105tniczej w\u0119dr\u00f3wki symboliczn\u0105 Drog\u0105 Krzy\u017cow\u0105 oraz do &#8211; tak charakterystycznego dla tego miejsca &#8211; po\u0142\u0105czenia sztuki i&nbsp;modlitwy. Nast\u0119pnie ks.&nbsp;Proboszcz, pan Burmistrz Miasta i&nbsp;Gminy Zag\u00f3rz, pan Adam Basak, prezes Bieszczadzkiego Forum Europejskiego oraz pani Ewa Baranowska dokonali przeci\u0119cia wst\u0119gi. Ksi\u0105dz Biskup odm\u00f3wi\u0142 modlitw\u0119 i&nbsp;po\u015bwi\u0119ci\u0142 Drog\u0119 Krzy\u017cow\u0105. Cz\u0119\u015b\u0107 oficjalna dobieg\u0142a ko\u0144ca.<br \/>\nRozpocz\u0119\u0142a si\u0119 jednak cz\u0119\u015b\u0107 najbardziej chyba odpowiednia do tego miejsca i&nbsp;tego czasu &#8211; Droga Krzy\u017cowa, po raz pierwszy odprawiona przy tych w\u0142a\u015bnie stacjach. Rozwa\u017cania przygotowa\u0142a m\u0142odzie\u017c z&nbsp;grupy Effata, wzbogacaj\u0105c nabo\u017ce\u0144stwo pi\u0119knym \u015bpiewem. Pomimo upa\u0142u wszyscy zgromadzeni pod\u0105\u017cyli od stacji do stacji, \u0142\u0105cz\u0105c si\u0119 na wsp\u00f3lnej modlitwie. Pokropienie rze\u017aba wod\u0105 \u015bwi\u0119con\u0105 dope\u0142nia\u0142o aktu po\u015bwi\u0119cenia.<\/p>\n<h2 style=\"text-align: justify;\">Historia zag\u00f3rskiej Drogi Krzy\u017cowej<\/h2>\n<p style=\"text-align: justify;\">Mo\u017cna zapyta\u0107 &#8211; jak dosz\u0142o do tego, \u017ce w\u0142a\u015bnie w&nbsp;Zag\u00f3rzu, w&nbsp;tym miejscu powsta\u0142a taka wyj\u0105tkowa galeria rze\u017aby, \u0142\u0105cz\u0105ca w&nbsp;sobie sztuk\u0119 i&nbsp;sacrum, religi\u0119 i&nbsp;artystyczn\u0105 wizj\u0119 tw\u00f3rc\u00f3w. Pisz\u0105c o&nbsp;tym, nie mo\u017cna zapomnie\u0107 o&nbsp;niezwyk\u0142ym&nbsp;<em>genius loci<\/em>&nbsp;tego miejsca, przestrzeni rozpo\u015bcieraj\u0105cej si\u0119 od parafialnego ko\u015bcio\u0142a do dawnego klasztoru Karmelit\u00f3w. W&nbsp;jaki\u015b naturalny spos\u00f3b te dwa punkty, wszak nieodleg\u0142e, po\u0142\u0105czone widokow\u0105, malownicz\u0105 poln\u0105 drog\u0105 scala\u0142a niemal metafizyczna wi\u0119\u017a. A\u017c si\u0119 prosi\u0142o, aby j\u0105 w&nbsp;jaki\u015b spos\u00f3b zmaterializowa\u0107.<br \/>\nNajpierw by\u0142y nie\u015bmia\u0142e pomys\u0142y i&nbsp;koncepcje, kt\u00f3re snu\u0142 ks.&nbsp;J\u00f3zef Kasiak, Proboszcz zag\u00f3rskiej parafii. Potem by\u0142y &#8211; coraz liczniejsze &#8211; nabo\u017ce\u0144stwa Drogi Krzy\u017cowej id\u0105cej drog\u0105 do klasztoru odprawiane w&nbsp;jeden z&nbsp;pi\u0105tk\u00f3w Wielkiego Postu. Brakowa\u0142o jednak impulsu do realizacji tych wizji.<br \/>\nWtedy marzenia i&nbsp;plany ks.&nbsp;Proboszcza wspar\u0142a energi\u0105 i&nbsp;pomys\u0142owo\u015bci\u0105 pani Ewa Bal-Baranowska oraz pan Adam Basak, prezes Bieszczadzkiego Forum Europejskiego, kt\u00f3rzy przygotowali wniosek o&nbsp;pozyskanie funduszy w&nbsp;ramach tzw.&nbsp;&#8222;ma\u0142ych projekt\u00f3w&#8221;, oceniony bardzo wysoko przez Lokaln\u0105 Grup\u0119 Dzia\u0142ania Nasze Bieszczady. Dzi\u0119ki uzyskanemu wsparciu finansowemu mo\u017cna by\u0142o rozpocz\u0105\u0107 dalsze prace, rozmowy z&nbsp;artystami, za\u0142atwianie spraw w\u0142asno\u015bciowych itp. Do dzia\u0142a\u0144 tych w\u0142\u0105czy\u0142y si\u0119 czynnie w\u0142adze Miasta i&nbsp;Gminy Zag\u00f3rz, zaanga\u017cowa\u0142o si\u0119 wiele os\u00f3b z&nbsp;Zag\u00f3rza i&nbsp;okolic &#8211; nie spos\u00f3b w&nbsp;tym miejscu wymieni\u0107 wszystkich.<br \/>\nPrzez ca\u0142\u0105 wiosn\u0119 i&nbsp;lato trwa\u0142y prace polegaj\u0105ce na utwardzeniu drogi, przygotowaniu miejsc pod poszczeg\u00f3lne stacje, zamontowanie g\u0142az\u00f3w, a&nbsp;arty\u015bci wykonywali poszczeg\u00f3lne rze\u017aby. Ju\u017c wtedy Droga Krzy\u017cowa wzbudza\u0142a zainteresowanie mieszka\u0144c\u00f3w Zag\u00f3rza i&nbsp;turyst\u00f3w.<br \/>\nPrzestrze\u0144 miedzy zag\u00f3rskim ko\u015bcio\u0142em i&nbsp;klasztornym wzg\u00f3rzem zyska\u0142a ca\u0142kowicie nowy wymiar &#8211; i&nbsp;to zar\u00f3wno sakralny, religijny, jak te\u017c artystyczny, a&nbsp;tak\u017ce &#8211; o&nbsp;czym nie mo\u017cna zapomina\u0107 &#8211; turystyczny &#8211; staj\u0105c si\u0119 atrakcj\u0105 dla przybywaj\u0105cych do naszej miejscowo\u015bci go\u015bci.<\/p>\n","protected":false},"excerpt":{"rendered":"<p>Od 24 sierpnia 2012 roku, gdy mia\u0142o miejsce oficjalne otwarcie zag\u00f3rskiej Drogi Krzy\u017cowej, tras\u0119 od ko\u015bcio\u0142a parafialnego na wzg\u00f3rze klasztorne wyznaczaj\u0105 stacje Drogi Krzy\u017cowej, b\u0119d\u0105ce jednocze\u015bnie prawdziw\u0105 galeri\u0105 Rze\u017aby Bieszczadzkiej. Jest to jedyna w&nbsp;Polsce tego typu realizacja kalwaryjskiej drogi. Ka\u017cd\u0105 stacj\u0119 wykona\u0142 bowiem inny artysta, [&hellip;]<\/p>\n","protected":false},"author":1,"featured_media":0,"parent":16,"menu_order":6,"comment_status":"closed","ping_status":"closed","template":"","meta":{"ngg_post_thumbnail":0,"footnotes":""},"class_list":["post-125","page","type-page","status-publish","hentry"],"_links":{"self":[{"href":"https:\/\/zagorz.przemyska.pl\/index.php\/wp-json\/wp\/v2\/pages\/125"}],"collection":[{"href":"https:\/\/zagorz.przemyska.pl\/index.php\/wp-json\/wp\/v2\/pages"}],"about":[{"href":"https:\/\/zagorz.przemyska.pl\/index.php\/wp-json\/wp\/v2\/types\/page"}],"author":[{"embeddable":true,"href":"https:\/\/zagorz.przemyska.pl\/index.php\/wp-json\/wp\/v2\/users\/1"}],"replies":[{"embeddable":true,"href":"https:\/\/zagorz.przemyska.pl\/index.php\/wp-json\/wp\/v2\/comments?post=125"}],"version-history":[{"count":4,"href":"https:\/\/zagorz.przemyska.pl\/index.php\/wp-json\/wp\/v2\/pages\/125\/revisions"}],"predecessor-version":[{"id":224,"href":"https:\/\/zagorz.przemyska.pl\/index.php\/wp-json\/wp\/v2\/pages\/125\/revisions\/224"}],"up":[{"embeddable":true,"href":"https:\/\/zagorz.przemyska.pl\/index.php\/wp-json\/wp\/v2\/pages\/16"}],"wp:attachment":[{"href":"https:\/\/zagorz.przemyska.pl\/index.php\/wp-json\/wp\/v2\/media?parent=125"}],"curies":[{"name":"wp","href":"https:\/\/api.w.org\/{rel}","templated":true}]}}