{"id":158,"date":"2022-01-17T19:01:39","date_gmt":"2022-01-17T18:01:39","guid":{"rendered":"https:\/\/zagorz.przemyska.pl\/?page_id=158"},"modified":"2022-01-21T20:06:03","modified_gmt":"2022-01-21T19:06:03","slug":"bierzmowanie","status":"publish","type":"page","link":"https:\/\/zagorz.przemyska.pl\/index.php\/sakramenty\/bierzmowanie\/","title":{"rendered":"BIERZMOWANIE"},"content":{"rendered":"<header class=\"entry-header\">\n<h1 class=\"entry-title\"><img loading=\"lazy\" decoding=\"async\" class=\" wp-image-159 alignleft\" style=\"font-size: 16px;\" src=\"https:\/\/zagorz.przemyska.pl\/wp-content\/uploads\/2021\/10\/sakramenty-bierzmowanie-300x168-1.jpg\" alt=\"\" width=\"376\" height=\"212\"><\/h1>\n<\/header>\n<div class=\"entry-content\">\n<div class=\"entry-content\">\n<p style=\"text-align: justify;\">Przygotowanie bezpo\u015brednie kandydat\u00f3w do Sakramentu Bierzmowania odbywa si\u0119 w klasie VI, VII i VIII szko\u0142y podstawowej. Zapisy odbywaj\u0105 si\u0119 w klasie VI, miejscem przygotowania jest parafia zamieszkania, chodzi bowiem o w\u0142\u0105czenie kandydata w \u017cycie jego parafii.<br \/>\nWarunki dopuszczenia do Sakramentu Bierzmowania:<br \/>\n&#8211; osobiste zg\u0142oszenie si\u0119 przez kandydata i wype\u0142nienie formularza<br \/>\n&#8211; regularny udzia\u0142 i w\u0142a\u015bciwe zachowanie w:<br \/>\n&nbsp;&nbsp;&nbsp;&nbsp;&nbsp;* spotkaniach formacyjnych,<br \/>\n&nbsp;&nbsp;&nbsp;&nbsp;&nbsp;* Mszy \u015bw. niedzielnej i \u015bwi\u0105tecznej, nabo\u017ce\u0144stwach, razem z Rodzicami<br \/>\n&#8211; udzia\u0142 w rekolekcjach lub dniach skupienia<br \/>\n&#8211; comiesi\u0119czna spowied\u017a,<br \/>\n&#8211; co najmniej ocena dostateczna z religii,<br \/>\n&#8211; pozytywna opinia katechety, animatora i ksi\u0119dza prowadz\u0105cego,<br \/>\n&#8211; aktywne w\u0142\u0105czanie si\u0119 w \u017cycie parafii,<br \/>\n&#8211; dostarczenie metryki chrztu \u015bw. (dot. m\u0142odzie\u017cy, kt\u00f3ra otrzyma\u0142a chrzest poza nasz\u0105 parafi\u0105),<br \/>\n&#8211; rozmowa kwalifikacyjna i rozpoznanie odpowiedniej dojrza\u0142o\u015bci religijnej kandydata. Wymagania stawiane \u015bwiadkom Bierzmowania:<\/p>\n<p>\u015awiadkami Bierzmowania powinni by\u0107 rodzice chrzestni, o ile w dalszym ci\u0105gu s\u0105 wierz\u0105cymi i praktykuj\u0105cymi katolikami, je\u015bli chrzestni nie mog\u0105 podj\u0105\u0107 si\u0119 tego zadania, to mo\u017ce by\u0107 osoba kt\u00f3ra przyj\u0119\u0142a sakramenty inicjacji chrze\u015bcija\u0144skiej, uko\u0144czy\u0142a 16 rok \u017cycia i jest wierz\u0105cym i praktykuj\u0105cym katolikiem, w sytuacjach wyj\u0105tkowych \u2013 rodze\u0144stwo.zosta\u0142y zatwierdzone przez biskup\u00f3w podczas 375. Zebrania Plenarnego KEP, kt\u00f3re mia\u0142o miejsce w Warszawie 13 i 14 marca 2017 r.<\/p>\n<p style=\"text-align: justify;\"><strong>Normy dodatkowe obowi\u0105zuj\u0105ce w Archidiecezji Przemyskiej:<\/strong><\/p>\n<ol>\n<li style=\"text-align: justify;\">Przed bierzmowaniem powinny odby\u0107 si\u0119 rekolekcje zamkni\u0119te dla wszystkich kandydat\u00f3w do bierzmowania.<\/li>\n<li style=\"text-align: justify;\">O dopuszczeniu do sakramentu bierzmowania decyduje proboszcz miejsca wraz z katechet\u0105 lub inn\u0105 osob\u0105, kt\u00f3ra odpowiada za przygotowanie kandydat\u00f3w.&nbsp;<\/li>\n<\/ol>\n<\/div>\n<\/div>\n","protected":false},"excerpt":{"rendered":"<p>Przygotowanie bezpo\u015brednie kandydat\u00f3w do Sakramentu Bierzmowania odbywa si\u0119 w klasie VI, VII i VIII szko\u0142y podstawowej. Zapisy odbywaj\u0105 si\u0119 w klasie VI, miejscem przygotowania jest parafia zamieszkania, chodzi bowiem o w\u0142\u0105czenie kandydata w \u017cycie jego parafii. Warunki dopuszczenia do Sakramentu Bierzmowania: &#8211; osobiste zg\u0142oszenie si\u0119 [&hellip;]<\/p>\n","protected":false},"author":1,"featured_media":0,"parent":22,"menu_order":1,"comment_status":"closed","ping_status":"closed","template":"","meta":{"ngg_post_thumbnail":0,"footnotes":""},"class_list":["post-158","page","type-page","status-publish","hentry"],"_links":{"self":[{"href":"https:\/\/zagorz.przemyska.pl\/index.php\/wp-json\/wp\/v2\/pages\/158"}],"collection":[{"href":"https:\/\/zagorz.przemyska.pl\/index.php\/wp-json\/wp\/v2\/pages"}],"about":[{"href":"https:\/\/zagorz.przemyska.pl\/index.php\/wp-json\/wp\/v2\/types\/page"}],"author":[{"embeddable":true,"href":"https:\/\/zagorz.przemyska.pl\/index.php\/wp-json\/wp\/v2\/users\/1"}],"replies":[{"embeddable":true,"href":"https:\/\/zagorz.przemyska.pl\/index.php\/wp-json\/wp\/v2\/comments?post=158"}],"version-history":[{"count":6,"href":"https:\/\/zagorz.przemyska.pl\/index.php\/wp-json\/wp\/v2\/pages\/158\/revisions"}],"predecessor-version":[{"id":267,"href":"https:\/\/zagorz.przemyska.pl\/index.php\/wp-json\/wp\/v2\/pages\/158\/revisions\/267"}],"up":[{"embeddable":true,"href":"https:\/\/zagorz.przemyska.pl\/index.php\/wp-json\/wp\/v2\/pages\/22"}],"wp:attachment":[{"href":"https:\/\/zagorz.przemyska.pl\/index.php\/wp-json\/wp\/v2\/media?parent=158"}],"curies":[{"name":"wp","href":"https:\/\/api.w.org\/{rel}","templated":true}]}}