{"id":201,"date":"2022-07-28T20:08:38","date_gmt":"2022-07-28T18:08:38","guid":{"rendered":"https:\/\/zagorz.przemyska.pl\/?page_id=201"},"modified":"2022-09-26T22:44:22","modified_gmt":"2022-09-26T20:44:22","slug":"dom-opieki","status":"publish","type":"page","link":"https:\/\/zagorz.przemyska.pl\/index.php\/dom-opieki\/","title":{"rendered":"DOM OPIEKI"},"content":{"rendered":"<h2>IM. \u015aW. BRATA ALBERTA W ZAG\u00d3RZU<\/h2>\n<h2>tel.\/fax: 13 46 22 695<\/h2>\n<h3 style=\"text-align: justify;\"><span style=\"color: #3366ff;\">DZIA\u0141ALNO\u015a\u0106 DOMU POMOCY SPO\u0141ECZNEJ W&nbsp;ZAG\u00d3RZU<\/span><\/h3>\n<p style=\"text-align: justify;\">Dom Pomocy Spo\u0142ecznej w&nbsp;Zag\u00f3rzu jest plac\u00f3wk\u0105 stacjonarn\u0105, zapewniaj\u0105c\u0105 ca\u0142odobow\u0105 opiek\u0119 dla os\u00f3b w&nbsp;podesz\u0142ym wieku obojga p\u0142ci. Warunki bytowe, rodzaj i&nbsp;zakres us\u0142ug \u015bwiadczonych przez dom dostosowane s\u0105 do rodzaju i&nbsp;stopnia niepe\u0142nosprawno\u015bci mieszka\u0144c\u00f3w.<br \/>\nW najbli\u017cszym otoczeniu domu znajduje si\u0119 niewielki ogr\u00f3d, umo\u017cliwiaj\u0105cy mieszka\u0144com sta\u0142y kontakt z&nbsp;przyrod\u0105. W&nbsp;ogrodzie jest altanka, w&nbsp;kt\u00f3rej mieszka\u0144cy spotykaj\u0105 si\u0119, odpoczywaj\u0105 na \u015bwie\u017cym powietrzu.<br \/>\nBudynek jest wielokondygnacyjny z&nbsp;wind\u0105, bez barier architektonicznych, wyposa\u017cony w&nbsp;podjazdy dla w\u00f3zk\u00f3w inwalidzkich, instalacj\u0119 P\/PO\u017b , system przyzywowo-przy\u0142\u00f3\u017ckowy, wewn\u0119trzn\u0105 sie\u0107 telefon\u00f3w umo\u017cliwiaj\u0105c\u0105 porozumiewanie si\u0119 mieszka\u0144c\u00f3w mi\u0119dzy sob\u0105 a&nbsp;tak\u017ce z&nbsp;personelem domu, oraz przyjmowanie telefon\u00f3w z&nbsp;zewn\u0105trz.<br \/>\nDom przeznaczony jest dla 41&nbsp;os\u00f3b. Pokoje mieszkalne 1-, 2-, 3-osobowe wyposa\u017cone s\u0105 w&nbsp;\u0142\u00f3\u017cko lub tapczan, stosownie do potrzeb mieszka\u0144ca. Ka\u017cdy pensjonariusz ma swoj\u0105 szaf\u0119 i&nbsp;szafk\u0119 przy\u0142\u00f3\u017ckow\u0105 . Poza tym ka\u017cdy pok\u00f3j wyposa\u017cony jest w&nbsp;st\u00f3\u0142, krzes\u0142a, a&nbsp;wi\u0119kszo\u015b\u0107 pokoi r\u00f3wnie\u017c w&nbsp;telewizory.<br \/>\n\u0141azienki, toalety i&nbsp;korytarze przystosowane s\u0105 dla os\u00f3b niepe\u0142nosprawnych. Prowadzimy dla mieszka\u0144c\u00f3w kuchni\u0119 dostosowan\u0105 do ilo\u015bci i&nbsp;rodzaju przyrz\u0105dzanych potraw. Dzia\u0142a tak\u017ce pralnia ze stosownym zapleczem.<\/p>\n<p style=\"text-align: justify;\"><strong>W domu znajduj\u0105 si\u0119 nast\u0119puj\u0105ce pomieszczenia:<\/strong><br \/>\n\u25a0 Pok\u00f3j zabiegowy wyposa\u017cony standardowo,<br \/>\n\u25a0 Pomieszczenie do rehabilitacji wyposa\u017cone w&nbsp;aparatur\u0119 dostosowan\u0105 do rodzaju schorze\u0144 mieszka\u0144c\u00f3w Domu.<br \/>\nPoza tym mieszka\u0144cy maj\u0105 do dyspozycji r\u00f3\u017cne pomieszczenia do wsp\u00f3lnego przebywania:<br \/>\n\u25a0 Sala zaj\u0119\u0107 do terapii,<br \/>\n\u25a0 Pok\u00f3j dziennego pobytu z&nbsp;telewizorem i&nbsp;radiem, w&nbsp;kt\u00f3rym organizowane s\u0105 imprezy kulturalno-rozrywkowe i&nbsp;mieszka\u0144cy spotykaj\u0105 si\u0119 z&nbsp;ciekawymi lud\u017ami z&nbsp;Polski i&nbsp;z&nbsp;zagranicy.<br \/>\n\u25a0 Biblioteka<br \/>\n\u25a0 Kaplica<br \/>\n\u25a0 Kuchenka pomocnicza dla potrzeb mieszka\u0144c\u00f3w.<\/p>\n<p style=\"text-align: justify;\">Spos\u00f3b organizacji i&nbsp;funkcjonowania domu jest dokumentowany. Prawa i&nbsp;obowi\u0105zki mieszka\u0144c\u00f3w ustalane s\u0105 przy udziale samorz\u0105du mieszka\u0144c\u00f3w. Funkcjonowanie domu w&nbsp;poszczeg\u00f3lnych sferach jego \u017cycia, sposoby post\u0119powania w&nbsp;trudnych sytuacjach okre\u015blaj\u0105 procedury post\u0119powania.<\/p>\n<h2><span style=\"color: #3366ff;\">PODSTAWY FUNKCJONOWANIA DOMU.<\/span><\/h2>\n<p>Dom Pomocy Spo\u0142ecznej im.&nbsp;\u015aw.&nbsp;Brata Alberta w&nbsp;Zag\u00f3rzu, ul.&nbsp;Ks.&nbsp;J.&nbsp;Winnickiego&nbsp;1, funkcjonuje od marca 1994&nbsp;r. Od 8 marca 2010&nbsp;r. decyzj\u0105 Wojewody Podkarpackiego na podstawie art.&nbsp;104 ustawy z&nbsp;dnia 14 czerwca 1960&nbsp;r. &#8211; Kodeks post\u0119powania administracyjnego (tj. Dz. U. z&nbsp;2000&nbsp;r. Nr&nbsp;98, poz.1071 z&nbsp;p\u00f3\u017an. zm.), art.&nbsp;57 ust.&nbsp;2 ustawy z&nbsp;dnia 12&nbsp;marca 2004&nbsp;r. o&nbsp;pomocy spo\u0142ecznej (tj. Dz. U. z&nbsp;2009&nbsp;r. Nr.&nbsp;175, poz.&nbsp;1362 z&nbsp;p\u00f3\u017an.&nbsp;zm.).<br \/>\nParafia Rzymsko-Katolicka pw.&nbsp;Wniebowzi\u0119cia NMP w&nbsp;Zag\u00f3rzu otrzyma\u0142a zezwolenie na prowadzenie Domu Pomocy Spo\u0142ecznej im.&nbsp;\u015aw.&nbsp;Brata Alberta dla os\u00f3b w&nbsp;podesz\u0142ym wieku, z&nbsp;liczb\u0105 miejsc&nbsp;41, w&nbsp;celu \u015bwiadczenia przez t\u0119 plac\u00f3wk\u0119 zgodnie z&nbsp;jej typem, pomocy osobom w&nbsp;niej zamieszka\u0142ym na poziomie obowi\u0105zuj\u0105cego standardu na czas nieokre\u015blony.<\/p>\n<h2><span style=\"color: #3366ff;\">CELE DZIA\u0141ALNO\u015aCI DOMU POMOCY SPO\u0141ECZNEJ<\/span><\/h2>\n<p>Dom zapewnia mieszka\u0144com ca\u0142odobow\u0105 opiek\u0119, zaspokaja niezb\u0119dne potrzeby bytowe, spo\u0142eczne i&nbsp;religijne oraz umo\u017cliwia rozw\u00f3j ich osobowo\u015bci, a&nbsp;w&nbsp;szczeg\u00f3lno\u015bci:<br \/>\n\u25a0 Miejsce zamieszkania wyposa\u017cone w&nbsp;niezb\u0119dne meble i&nbsp;sprz\u0119ty, po\u015bciel, oraz \u015brodki utrzymania higieny osobistej, wy\u017cywienie zgodne z&nbsp;obowi\u0105zuj\u0105cymi normami \u017cywieniowymi, jak r\u00f3wnie\u017c dietetycznymi, wg wskaza\u0144 lekarskich,<br \/>\n\u25a0 Opiek\u0119 lekarsk\u0105 i&nbsp;piel\u0119gniarsk\u0105,<br \/>\n\u25a0 Karmienie i&nbsp;ubieranie, mycie, k\u0105piele os\u00f3b, kt\u00f3re nie s\u0105 w stanie samodzielnie wykona\u0107 tych czynno\u015bci,<br \/>\n\u25a0 Zabiegi rehabilitacyjne,<br \/>\n\u25a0 Zabiegi usprawniania psychicznego poprzez r\u00f3\u017cne formy terapii,<br \/>\n\u25a0 Leki i&nbsp;\u015brodki opatrunkowe wg wskaza\u0144 lekarza.<\/p>\n<p><strong>Dom zatrudnia nast\u0119puj\u0105cych pracownik\u00f3w:<\/strong><br \/>\n\u25a0 Dyrektora,<br \/>\n\u25a0 Ksi\u0119gow\u0105,<br \/>\n\u25a0 Administratora,<br \/>\n\u25a0 Pracownika socjalnego,<br \/>\n\u25a0 Psychologa,<br \/>\n\u25a0 Rehabilitanta,<br \/>\n\u25a0 Instruktora kulturalno-o\u015bwiatowego,<br \/>\n\u25a0 Piel\u0119gniarki,<br \/>\n\u25a0 Opiekunki,<br \/>\n\u25a0 Pokojowe,<br \/>\n\u25a0 Kucharki,<br \/>\n\u25a0 Dietetyczk\u0119,<br \/>\n\u25a0 Konserwatora,<br \/>\n\u25a0 Kierowc\u0119,<br \/>\n\u25a0 Praczk\u0119.<br \/>\n<strong>Og\u00f3\u0142em 29 os\u00f3b.<\/strong><\/p>\n<p><strong>W organizowaniu \u017cycia mieszka\u0144c\u00f3w DPS uwzgl\u0119dnia m.in.&nbsp;potrzeby:<\/strong><br \/>\n\u25a0 Aktywnego trybu \u017cycia, zw\u0142aszcza w&nbsp;stosunku do m\u0142odszych mieszka\u0144c\u00f3w,<br \/>\n\u25a0 Dost\u0119pu do kultury i&nbsp;rekreacji (wyst\u0119py artystyczne, wycieczki),<br \/>\n\u25a0 Podtrzymywanie wi\u0119zi rodzinnych, towarzyskich, kontakt\u00f3w ze spo\u0142eczno\u015bci\u0105 lokaln\u0105.<\/p>\n<p>&nbsp;<\/p>\n<p>Organizacja i&nbsp;funkcjonowanie DPS-u uwzgl\u0119dniaj\u0105 stopie\u0144 psychicznej i&nbsp;fizycznej sprawno\u015bci mieszka\u0144c\u00f3w, ich prawo do intymnego i&nbsp;godnego \u017cycia, ochron\u0119 d\u00f3br osobistych, mo\u017cliwo\u015b\u0107 zachowania samodzielno\u015bci i&nbsp;wyboru stylu \u017cycia.<\/p>\n<h2><span style=\"color: #3366ff;\">KONTAKT<\/span><\/h2>\n<p>tel.\/fax: 13 46 22 695<br \/>\ne-mail:&nbsp;<a href=\"mailto:dpszagorz@neostrada.pl\">dpszagorz@onet.pl<\/a><br \/>\nBiuro czynne pn.-pt. 8.00 -16.00<\/p>\n","protected":false},"excerpt":{"rendered":"<p>IM. \u015aW. BRATA ALBERTA W ZAG\u00d3RZU tel.\/fax: 13 46 22 695 DZIA\u0141ALNO\u015a\u0106 DOMU POMOCY SPO\u0141ECZNEJ W&nbsp;ZAG\u00d3RZU Dom Pomocy Spo\u0142ecznej w&nbsp;Zag\u00f3rzu jest plac\u00f3wk\u0105 stacjonarn\u0105, zapewniaj\u0105c\u0105 ca\u0142odobow\u0105 opiek\u0119 dla os\u00f3b w&nbsp;podesz\u0142ym wieku obojga p\u0142ci. Warunki bytowe, rodzaj i&nbsp;zakres us\u0142ug \u015bwiadczonych przez dom dostosowane s\u0105 do rodzaju i&nbsp;stopnia [&hellip;]<\/p>\n","protected":false},"author":1,"featured_media":0,"parent":0,"menu_order":4,"comment_status":"closed","ping_status":"closed","template":"","meta":{"ngg_post_thumbnail":0,"footnotes":""},"class_list":["post-201","page","type-page","status-publish","hentry"],"_links":{"self":[{"href":"https:\/\/zagorz.przemyska.pl\/index.php\/wp-json\/wp\/v2\/pages\/201"}],"collection":[{"href":"https:\/\/zagorz.przemyska.pl\/index.php\/wp-json\/wp\/v2\/pages"}],"about":[{"href":"https:\/\/zagorz.przemyska.pl\/index.php\/wp-json\/wp\/v2\/types\/page"}],"author":[{"embeddable":true,"href":"https:\/\/zagorz.przemyska.pl\/index.php\/wp-json\/wp\/v2\/users\/1"}],"replies":[{"embeddable":true,"href":"https:\/\/zagorz.przemyska.pl\/index.php\/wp-json\/wp\/v2\/comments?post=201"}],"version-history":[{"count":5,"href":"https:\/\/zagorz.przemyska.pl\/index.php\/wp-json\/wp\/v2\/pages\/201\/revisions"}],"predecessor-version":[{"id":477,"href":"https:\/\/zagorz.przemyska.pl\/index.php\/wp-json\/wp\/v2\/pages\/201\/revisions\/477"}],"wp:attachment":[{"href":"https:\/\/zagorz.przemyska.pl\/index.php\/wp-json\/wp\/v2\/media?parent=201"}],"curies":[{"name":"wp","href":"https:\/\/api.w.org\/{rel}","templated":true}]}}