{"id":327,"date":"2022-01-21T21:13:45","date_gmt":"2022-01-21T20:13:45","guid":{"rendered":"https:\/\/zagorz.przemyska.pl\/?page_id=327"},"modified":"2022-01-21T21:16:35","modified_gmt":"2022-01-21T20:16:35","slug":"budowa-kosciola","status":"publish","type":"page","link":"https:\/\/zagorz.przemyska.pl\/index.php\/parafia\/kosciol-w-zaslawiu\/budowa-kosciola\/","title":{"rendered":"BUDOWA KO\u015aCIO\u0141A"},"content":{"rendered":"<p style=\"text-align: justify;\">&nbsp;<\/p>\n<p style=\"text-align: center;\"><strong>Poni\u017cej publikujemy ramowe kalendarium prac przy kaplicy w Zas\u0142awiu oraz pami\u0105tkow\u0105 galeri\u0119 zdj\u0119\u0107<\/strong><\/p>\n<p style=\"text-align: justify;\">Po\u015bwi\u0119cenie krzy\u017ca i placu pod budow\u0119 kaplicy odby\u0142o si\u0119 18 wrze\u015bnia 2005 roku. Msz\u0119 \u015awi\u0119t\u0105 celebrowali: ks. Stanis\u0142aw Rusza\u0142a z Olchowiec, ojciec duchowny dekanatu, ks. proboszcz J\u00f3zef Kasiak i ks. J\u00f3zef Hawro. Krzy\u017c, kt\u00f3ry stan\u0105\u0142 na placu zosta\u0142 wykonany przez mieszka\u0144ca Zas\u0142awia, p. Bart\u0142omieja Podkalickiego<\/p>\n<hr>\n<p style=\"text-align: justify;\">Na wylanych i&nbsp;osypanych ziemi\u0105 jeszcze w&nbsp;jesieni fundamentach prowadzone s\u0105 prace murarskie, w&nbsp;kt\u00f3re anga\u017cuje si\u0119 ca\u0142a spo\u0142eczno\u015b\u0107 lokalna. Mieszka\u0144cy Zas\u0142awia utworzyli komitet budowy kaplicy i&nbsp;pracuj\u0105 w&nbsp;pi\u0119ciu grupach, przejmuj\u0105cych swoje zadania wed\u0142ug ustalonego harmonogramu; te trudne i&nbsp;absorbuj\u0105ce obowi\u0105zki parafianie wykonuj\u0105 spo\u0142ecznie. Mury kaplicy wykonane z&nbsp;ceg\u0142y maj\u0105 ponad siedem metr\u00f3w wysoko\u015bci, wylane zosta\u0142y p\u0142yty nad prezbiterium, kaplic\u0105 pogrzebow\u0105 i&nbsp;ch\u00f3rem. Rozpocz\u0119to ju\u017c budow\u0119 wie\u017cy i&nbsp;pod okiem fachowc\u00f3w przygotowywana jest wi\u0119\u017aba dachowa. Jeszcze w&nbsp;ubieg\u0142ym roku ks.&nbsp;Arcybiskup ofiarowa\u0142 do nowej kaplicy obraz Pana Jezusa Mi\u0142osiernego.<\/p>\n<p style=\"text-align: justify;\">Warto podkre\u015bli\u0107, \u017ce do tej pory komitet budowy kaplicy spotka\u0142 si\u0119 z&nbsp;\u017cyczliwo\u015bci\u0105 wszystkich, do kt\u00f3rych zwraca\u0142 si\u0119 z&nbsp;jak\u0105kolwiek spraw\u0105, za co parafianie wyra\u017caj\u0105 swoj\u0105 g\u0142\u0119bok\u0105 wdzi\u0119czno\u015b\u0107. Ofiary na budow\u0119 kaplicy zebrano w&nbsp;parafiach w&nbsp;Starym i&nbsp;Nowym Zag\u00f3rzu, pieni\u0105dze przekazali te\u017c ostatnio mieszka\u0144cy Leskiej G\u00f3ry.<\/p>\n<hr>\n<h3 style=\"text-align: justify;\"><strong>15 pa\u017adziernika 2006<\/strong><\/h3>\n<p style=\"text-align: justify;\">W jednej z&nbsp;dzielnic Zag\u00f3rza \u2013&nbsp;<a href=\"http:\/\/parafia-zagorz.pl\/x_zaslaw.html\">Zas\u0142awiu<\/a>&nbsp;od roku trwaj\u0105 prace przy budowie kaplicy, bardzo potrzebnej w&nbsp;tamtym rejonie, gdy\u017c mieszka\u0144cy Zas\u0142awia, szczeg\u00f3lnie ci, kt\u00f3rzy nie posiadaj\u0105 samochodu, musz\u0105 przeby\u0107 dalek\u0105 drog\u0119, by dotrze\u0107 do parafialnego ko\u015bcio\u0142a na Msz\u0119 \u015awi\u0119t\u0105 i&nbsp;nabo\u017ce\u0144stwa.<\/p>\n<hr>\n<h3 style=\"text-align: justify;\"><strong>26 listopada 2006<\/strong><\/h3>\n<p style=\"text-align: justify;\">Dzi\u0119ki sprzyjaj\u0105cej pogodzie prace przy budowie kaplicy w&nbsp;Zas\u0142awiu post\u0119puj\u0105 w&nbsp;szybkim tempie. Jak wida\u0107 na zdj\u0119ciu s\u0105 ju\u017c krokwie dachowe, je\u015bli wszystko si\u0119 uda ju\u017c wkr\u00f3tce ca\u0142o\u015b\u0107 zostanie pokryta dachem.<\/p>\n<hr>\n<h3 style=\"text-align: justify;\"><strong>17 lutego 2007<\/strong><\/h3>\n<p style=\"text-align: justify;\">Bardzo intensywnie prowadzone s\u0105 prace przy budowie kaplicy dojazdowej w Zas\u0142awiu. Na zako\u0144czenie roku 2006 budynek stan\u0105\u0142 nakryty blach\u0105, aby wyko\u0144czy\u0107 stan surowy trzeba jeszcze doko\u0144czy\u0107 budow\u0119 wie\u017cy oraz wstawi\u0107 okna i drzwi. Na szczeg\u00f3lne uznanie zas\u0142uguje zaanga\u017cowanie parafian z Zas\u0142awia, kt\u00f3rzy zebrali fundusze i w\u0142o\u017cyli bardzo wiele w\u0142asnej pracy.&nbsp;<\/p>\n<hr>\n<h3 style=\"text-align: justify;\"><strong>Post\u0119puj\u0105 prace przy kaplicy dojazdowej w Zas\u0142awiu<\/strong><\/h3>\n<p style=\"text-align: justify;\">14 wrze\u015bnia, w pi\u0105tek uda\u0142o si\u0119 za\u0142o\u017cy\u0107 he\u0142m na wie\u017c\u0119 w kaplicy dojazdowej w Zas\u0142awiu. Operacja by\u0142a trudna i do\u015b\u0107 niebezpieczna, ale wszystko zako\u0144czy\u0142o si\u0119 szcz\u0119\u015bliwie. He\u0142m zosta\u0142 zwie\u0144czony krzy\u017cem, co mia\u0142o symboliczne znaczenie, gdy\u017c w\u0142a\u015bnie 14 wrze\u015bnia przypada \u015awi\u0119to Podwy\u017cszenia Krzy\u017ca.<br \/>\nZam\u00f3wione s\u0105 ju\u017c okna, kt\u00f3re firma z Ustrzyk obieca\u0142a wykona\u0107 przez Uroczysto\u015bci\u0105 Wszystkich \u015awi\u0119tych, czekamy te\u017c na majstr\u00f3w, kt\u00f3rzy maj\u0105 wykona\u0107 tynki wewn\u0105trz ko\u015bcio\u0142a. Msza \u015awi\u0119ta odprawiana jest ju\u017c w kaplicy. W przysz\u0142\u0105 niedziel\u0119 zorganizowana b\u0119dzie zbi\u00f3rka do puszek na wsparcie dzie\u0142a budowy.<\/p>\n<hr>\n<h3 style=\"text-align: justify;\"><strong>Dalsze prace przy kaplicy w&nbsp;Zas\u0142awiu<\/strong><\/h3>\n<p style=\"text-align: justify;\">Post\u0119puj\u0105 prace przy kaplicy dojazdowej w Zas\u0142awiu. Zako\u0144czono budow\u0119 drewnianego stropu, kt\u00f3ry zosta\u0142 tak\u017ce ocieplony. \u015aciany wewn\u0105trz budynku otynkowano i pobielono, rozebrano rusztowania. Zosta\u0142 tak\u017ce wyr\u00f3wnany teren wok\u00f3\u0142 kaplicy.<\/p>\n<hr>\n<h3 style=\"text-align: justify;\"><strong>Wykonane zosta\u0142y najwa\u017cniejsze prace w&nbsp;nowo budowanym ko\u015bciele w&nbsp;Zas\u0142awiu<\/strong>. Wstawiono okna aluminiowe, wykonano instalacj\u0119 elektryczn\u0105 i&nbsp;kanalizacyjn\u0105, otynkowano i&nbsp;wybia\u0142kowano \u015bciany wewn\u0119trzne, wykonano wylewki pod p\u0142ytki pod\u0142ogowe oraz zainstalowano ogrzewanie posadzkowe. Podczas przygotowa\u0144 do uroczysto\u015bci wmurowania kamienia w\u0119gielnego uporz\u0105dkowano najbli\u017csze otoczenie ko\u015bcio\u0142a, a&nbsp;tak\u017ce drog\u0119 dojazdow\u0105 do Zas\u0142awia i&nbsp;drog\u0119 prowadz\u0105c\u0105 na cmentarz. Wstawiono tak\u017ce wszystkie drzwi &#8211; frontowe i&nbsp;boczne.<\/h3>\n<hr>\n<h3 style=\"text-align: justify;\"><strong>Po\u015bwi\u0119cenie kamienia w\u0119gielnego ko\u015bcio\u0142a w&nbsp;Zas\u0142awiu<\/strong><\/h3>\n<p style=\"text-align: justify;\">11 wrze\u015bnia 2008 roku w ko\u015bciele dojazdowym pw. Mi\u0142osierdzia Bo\u017cego w Zas\u0142awiu odby\u0142a si\u0119 wielka uroczysto\u015b\u0107. Podczas Mszy \u015awi\u0119tej koncelebrowanej ks. Arcybiskup J\u00f3zef Michalik po\u015bwi\u0119ci\u0142 now\u0105 \u015bwi\u0105tyni\u0119 oraz kamie\u0144 w\u0119gielny, kt\u00f3ry nast\u0119pnie wmurowany zosta\u0142 w \u015bcian\u0119 budynku. Jako kamie\u0144 w\u0119gielny po\u015bwi\u0119cony zosta\u0142 fragment ska\u0142y z Grobu Pa\u0144skiego i kamie\u0144 z podziemi bazyliki archikatedralnej w Przemy\u015blu. Licznie zgromadzeni mieszka\u0144cy Zas\u0142awia i parafianie z innych cz\u0119\u015bci Zag\u00f3rza ze wzruszeniem uczestniczyli w tym podnios\u0142ym momencie. Ks. Arcybiskup w homilii skupi\u0142 si\u0119 na historii kultu Bo\u017cego Mi\u0142osierdzia. Ks. Proboszcz dzi\u0119kowa\u0142 zas\u0142awianom za zaanga\u017cowanie i wysi\u0142ek, wyrazi\u0142 tez nadziej\u0119, \u017ce w tej \u015bwi\u0105tyni budowa\u0107 si\u0119 b\u0119dzie duchowa wsp\u00f3lnota wierz\u0105cych.<\/p>\n<hr>\n<h3 style=\"text-align: justify;\"><strong>Przeniesienie relikwii \u015bwi\u0119tej Faustyny do kaplicy w Zas\u0142awiu<\/strong><\/h3>\n<p style=\"text-align: justify;\">23 listopada, w Uroczysto\u015b\u0107 Chrystusa Kr\u00f3la, nasza parafia prze\u017cywa\u0142a podw\u00f3jne \u015bwi\u0119to. By\u0142 to bowiem r\u00f3wnie\u017c dzie\u0144 przekazania relikwii \u015bw.&nbsp;Siostry Faustyny do ko\u015bcio\u0142a dojazdowego pw.&nbsp;Bo\u017cego Mi\u0142osierdzia w Zas\u0142awiu. Relikwiarz przywieziono z&nbsp;\u0141agiewnik 11&nbsp;pa\u017adziernika i&nbsp;w\u0142a\u015bnie teraz zosta\u0142 umieszczony w&nbsp;przeznaczonej dla niego specjalnej gablocie poni\u017cej wizerunku \u015bw.&nbsp;Faustyny.<br \/>\nUroczysto\u015bci rozpocz\u0119\u0142y si\u0119 ju\u017c w sobot\u0119, 22&nbsp;listopada. Zgromadzili\u015bmy si\u0119 na wieczornej Mszy \u015awi\u0119tej, podczas kt\u00f3rej nast\u0105pi\u0142o wystawienie relikwii. Po zako\u0144czeniu Eucharystii i&nbsp;b\u0142ogos\u0142awie\u0144stwie, wierni mieli mo\u017cliwo\u015b\u0107 ich uca\u0142owania. W&nbsp;niedziel\u0119, podczas pierwszych trzech Mszy \u015awi\u0119tych, relikwie znajdowa\u0142y si\u0119 na o\u0142tarzu, odbywa\u0142 si\u0119 te\u017c ceremonia\u0142 b\u0142ogos\u0142awie\u0144stwa relikwiami i&nbsp;ich uca\u0142owania.<br \/>\nS\u0142owo Bo\u017ce, zar\u00f3wno w sobot\u0119, jak i&nbsp;w&nbsp;niedziel\u0119, g\u0142osi\u0142 zaproszony kaznodzieja, franciszkanin, o.&nbsp;Jan Grzywna z&nbsp;Kalwarii Zebrzydowskiej. W&nbsp;homilii m\u00f3wi\u0142 o&nbsp;nieogarnionej Bo\u017cej Mi\u0142o\u015bci, kt\u00f3ra oczekuje na ka\u017cdego grzesznika, o&nbsp;miejscu Chrystusa w&nbsp;naszym \u017cyciu, o&nbsp;konieczno\u015bci sta\u0142ej pracy nad sob\u0105, a&nbsp;tak\u017ce o&nbsp;ludziach oczekuj\u0105cych naszej pomocy i&nbsp;mi\u0142osierdzia. Kazania zilustrowane licznymi, sugestywnymi przyk\u0142adami, ukazuj\u0105cymi si\u0142\u0119 Bo\u017cej Mi\u0142o\u015bci i&nbsp;wag\u0119 nabo\u017ce\u0144stwa i&nbsp;modlitwy do Bo\u017cego Mi\u0142osierdzia, \u015bwietnie wprowadza\u0142y w&nbsp;atmosfer\u0119 tych dni.<br \/>\nO 15.00, w&nbsp;godzinie Bo\u017cego Mi\u0142osierdzia, mieszka\u0144cy Zas\u0142awia i&nbsp;parafianie z&nbsp;innych cz\u0119\u015bci Zag\u00f3rza licznie zebrali si\u0119 w&nbsp;ko\u015bciele dojazdowym, by powita\u0107 \u015bw.&nbsp;Faustyn\u0119. Przyby\u0142o oko\u0142o 200 os\u00f3b. Po uroczystej Mszy \u015awi\u0119tej, b\u0142ogos\u0142awie\u0144stwie i&nbsp;uca\u0142owaniu relikwii, relikwiarz umieszczono obok obrazu \u015bw.&nbsp;Faustyny. Odm\u00f3wiona zosta\u0142a koronka do Bo\u017cego Mi\u0142osierdzia i&nbsp;modlitwy do \u015bw.&nbsp;Faustyny. Ks.&nbsp;Wikariusz powiedzia\u0142 w&nbsp;pewnym momencie, \u017ce czuje wyra\u017anie obecno\u015b\u0107 \u015bw.&nbsp;Faustyny w\u015br\u00f3d nas. My\u015bl\u0119, \u017ce podobne odczucia mia\u0142o wiele os\u00f3b, kt\u00f3re zebra\u0142y si\u0119 w&nbsp;ko\u015bciele parafialnym i&nbsp;w&nbsp;ko\u015bciele w&nbsp;Zas\u0142awiu, by wsp\u00f3lnie prze\u017cywa\u0107 ten wyj\u0105tkowy w&nbsp;historii naszej miejscowo\u015bci moment. Oby za wstawiennictwem \u015bw.&nbsp;Faustyny Chrystus otacza\u0142 nas teraz i&nbsp;w&nbsp;przysz\u0142o\u015bci sw\u0105 mi\u0142osiern\u0105 mi\u0142o\u015bci\u0105.<\/p>\n<hr>\nngg_shortcode_0_placeholder\n<p style=\"text-align: justify;\">&nbsp;<\/p>\n<p style=\"text-align: justify;\">&nbsp;<\/p>\n<p style=\"text-align: justify;\">&nbsp;<\/p>\n<p style=\"text-align: justify;\">&nbsp;<\/p>\n","protected":false},"excerpt":{"rendered":"<p>&nbsp; Poni\u017cej publikujemy ramowe kalendarium prac przy kaplicy w Zas\u0142awiu oraz pami\u0105tkow\u0105 galeri\u0119 zdj\u0119\u0107 Po\u015bwi\u0119cenie krzy\u017ca i placu pod budow\u0119 kaplicy odby\u0142o si\u0119 18 wrze\u015bnia 2005 roku. Msz\u0119 \u015awi\u0119t\u0105 celebrowali: ks. Stanis\u0142aw Rusza\u0142a z Olchowiec, ojciec duchowny dekanatu, ks. proboszcz J\u00f3zef Kasiak i ks. J\u00f3zef [&hellip;]<\/p>\n","protected":false},"author":1,"featured_media":0,"parent":136,"menu_order":0,"comment_status":"closed","ping_status":"closed","template":"","meta":{"ngg_post_thumbnail":0,"footnotes":""},"class_list":["post-327","page","type-page","status-publish","hentry"],"_links":{"self":[{"href":"https:\/\/zagorz.przemyska.pl\/index.php\/wp-json\/wp\/v2\/pages\/327"}],"collection":[{"href":"https:\/\/zagorz.przemyska.pl\/index.php\/wp-json\/wp\/v2\/pages"}],"about":[{"href":"https:\/\/zagorz.przemyska.pl\/index.php\/wp-json\/wp\/v2\/types\/page"}],"author":[{"embeddable":true,"href":"https:\/\/zagorz.przemyska.pl\/index.php\/wp-json\/wp\/v2\/users\/1"}],"replies":[{"embeddable":true,"href":"https:\/\/zagorz.przemyska.pl\/index.php\/wp-json\/wp\/v2\/comments?post=327"}],"version-history":[{"count":3,"href":"https:\/\/zagorz.przemyska.pl\/index.php\/wp-json\/wp\/v2\/pages\/327\/revisions"}],"predecessor-version":[{"id":353,"href":"https:\/\/zagorz.przemyska.pl\/index.php\/wp-json\/wp\/v2\/pages\/327\/revisions\/353"}],"up":[{"embeddable":true,"href":"https:\/\/zagorz.przemyska.pl\/index.php\/wp-json\/wp\/v2\/pages\/136"}],"wp:attachment":[{"href":"https:\/\/zagorz.przemyska.pl\/index.php\/wp-json\/wp\/v2\/media?parent=327"}],"curies":[{"name":"wp","href":"https:\/\/api.w.org\/{rel}","templated":true}]}}